{"id":813,"date":"2025-02-01T03:48:57","date_gmt":"2025-02-01T03:48:57","guid":{"rendered":"https:\/\/janusai.pro\/?page_id=813"},"modified":"2025-02-01T03:49:32","modified_gmt":"2025-02-01T03:49:32","slug":"813-2","status":"publish","type":"page","link":"https:\/\/janusai.pro\/hu\/813-2\/","title":{"rendered":"Felel\u0151ss\u00e9gi nyilatkozat"},"content":{"rendered":"<h1 class=\"wp-block-heading\">Felel\u0151ss\u00e9gi nyilatkozat<\/h1>\n\n\n\n<p>By janusai.pro Feb 1, 2025<\/p>\n\n\n\n<p>Ha tov\u00e1bbi inform\u00e1ci\u00f3ra van sz\u00fcks\u00e9ge, vagy b\u00e1rmilyen k\u00e9rd\u00e9se van az oldalunk jogi nyilatkozat\u00e1val kapcsolatban, k\u00e9rj\u00fck, forduljon hozz\u00e1nk bizalommal a wd.gstar@gmail.com e-mail c\u00edmen.<\/p>\n\n\n\n<h2 class=\"wp-block-heading\">A raads-r tesztre vonatkoz\u00f3 kiz\u00e1r\u00f3 okok<\/h2>\n\n\n\n<p>A weboldalon -janusai.pro- tal\u00e1lhat\u00f3 \u00f6sszes inform\u00e1ci\u00f3 j\u00f3hiszem\u0171en \u00e9s kiz\u00e1r\u00f3lag \u00e1ltal\u00e1nos t\u00e1j\u00e9koztat\u00e1s c\u00e9lj\u00e1b\u00f3l ker\u00fcl k\u00f6zz\u00e9t\u00e9telre. raads-r test nem v\u00e1llal garanci\u00e1t az inform\u00e1ci\u00f3k teljess\u00e9g\u00e9re, megb\u00edzhat\u00f3s\u00e1g\u00e1ra \u00e9s pontoss\u00e1g\u00e1ra vonatkoz\u00f3an. B\u00e1rmilyen, a weboldalon (raads-r test) tal\u00e1lhat\u00f3 inform\u00e1ci\u00f3k alapj\u00e1n tett l\u00e9p\u00e9st szigor\u00faan a saj\u00e1t felel\u0151ss\u00e9g\u00e9re tesz. raads-r test nem v\u00e1llal felel\u0151ss\u00e9get a weboldalunk haszn\u00e1lat\u00e1val kapcsolatos vesztes\u00e9gek\u00e9rt \u00e9s\/vagy k\u00e1rok\u00e9rt. Jogi nyilatkozatunk a\u00a0<a href=\"https:\/\/www.privacypolicyonline.com\/disclaimer-generator\/\" target=\"_blank\" rel=\"noreferrer noopener\">Felel\u0151ss\u00e9gi nyilatkozat gener\u00e1tor<\/a>.<\/p>\n\n\n\n<p>Weboldalunkr\u00f3l m\u00e1s weboldalakat is megl\u00e1togathat, ha az ilyen k\u00fcls\u0151 oldalakra mutat\u00f3 hiperhivatkoz\u00e1sokat k\u00f6veti. B\u00e1r t\u00f6reksz\u00fcnk arra, hogy csak hasznos \u00e9s etikus weboldalakra mutat\u00f3 min\u0151s\u00e9gi linkeket adjunk meg, nincs befoly\u00e1sunk ezen oldalak tartalma \u00e9s jellege felett. A m\u00e1s weboldalakra mutat\u00f3 linkek nem jelentenek aj\u00e1nl\u00e1st az ezeken az oldalakon tal\u00e1lhat\u00f3 \u00f6sszes tartalomra. A webhelyek tulajdonosai \u00e9s tartalma el\u0151zetes \u00e9rtes\u00edt\u00e9s n\u00e9lk\u00fcl megv\u00e1ltozhat, \u00e9s el\u0151fordulhat, hogy m\u00e9g azel\u0151tt, hogy lehet\u0151s\u00e9g\u00fcnk lenne elt\u00e1vol\u00edtani egy esetleg \"rossz\" linket.<\/p>\n\n\n\n<p>K\u00e9rj\u00fck, vegye figyelembe azt is, hogy amikor elhagyja weboldalunkat, m\u00e1s oldalakon m\u00e1s adatv\u00e9delmi ir\u00e1nyelvek \u00e9s felt\u00e9telek \u00e9rv\u00e9nyesek lehetnek, amelyekre nincs r\u00e1hat\u00e1sunk. K\u00e9rj\u00fck, miel\u0151tt b\u00e1rmilyen \u00fczleti tev\u00e9kenys\u00e9get folytatna, vagy b\u00e1rmilyen inform\u00e1ci\u00f3t felt\u00f6ltene, mindenk\u00e9ppen ellen\u0151rizze ezen oldalak adatv\u00e9delmi szab\u00e1lyzat\u00e1t, valamint \"Szolg\u00e1ltat\u00e1si felt\u00e9teleiket\".<\/p>\n\n\n\n<h2 class=\"wp-block-heading\">Hozz\u00e1j\u00e1rul\u00e1s<\/h2>\n\n\n\n<p>Weboldalunk haszn\u00e1lat\u00e1val \u00d6n elfogadja nyilatkozatunkat \u00e9s elfogadja annak felt\u00e9teleit.<\/p>\n\n\n\n<h2 class=\"wp-block-heading\">Friss\u00edt\u00e9s<\/h2>\n\n\n\n<p>Amennyiben friss\u00edtj\u00fck, m\u00f3dos\u00edtjuk vagy m\u00f3dos\u00edtjuk ezt a dokumentumot, ezeket a m\u00f3dos\u00edt\u00e1sokat itt fogjuk k\u00f6zz\u00e9tenni.<\/p>","protected":false},"excerpt":{"rendered":"<p>Felel\u0151ss\u00e9g kiz\u00e1r\u00e1sa Szerz\u0151: janusai.pro 2025. febru\u00e1r 1. Ha tov\u00e1bbi inform\u00e1ci\u00f3ra van sz\u00fcks\u00e9ge, vagy b\u00e1rmilyen k\u00e9rd\u00e9se van webhely\u00fcnk felel\u0151ss\u00e9gkiz\u00e1r\u00e1s\u00e1val kapcsolatban, k\u00e9rj\u00fck, forduljon hozz\u00e1nk e-mailben a wd.gstar@gmail.com e-mail c\u00edmen. A raads-r tesztre vonatkoz\u00f3 felel\u0151ss\u00e9g kiz\u00e1r\u00e1sa Az ezen a webhelyen \u2013 janusai.pro \u2013 tal\u00e1lhat\u00f3 \u00f6sszes inform\u00e1ci\u00f3 j\u00f3hiszem\u0171en \u00e9s csak \u00e1ltal\u00e1nos t\u00e1j\u00e9koztat\u00e1s c\u00e9lj\u00e1b\u00f3l ker\u00fcl k\u00f6zz\u00e9t\u00e9telre. A raads-r teszt...<\/p>","protected":false},"author":1,"featured_media":0,"parent":0,"menu_order":0,"comment_status":"closed","ping_status":"closed","template":"","meta":{"_kadence_starter_templates_imported_post":false,"_kad_post_transparent":"","_kad_post_title":"","_kad_post_layout":"","_kad_post_sidebar_id":"","_kad_post_content_style":"","_kad_post_vertical_padding":"","_kad_post_feature":"","_kad_post_feature_position":"","_kad_post_header":false,"_kad_post_footer":false,"footnotes":""},"class_list":["post-813","page","type-page","status-publish","hentry"],"_links":{"self":[{"href":"https:\/\/janusai.pro\/hu\/wp-json\/wp\/v2\/pages\/813","targetHints":{"allow":["GET"]}}],"collection":[{"href":"https:\/\/janusai.pro\/hu\/wp-json\/wp\/v2\/pages"}],"about":[{"href":"https:\/\/janusai.pro\/hu\/wp-json\/wp\/v2\/types\/page"}],"author":[{"embeddable":true,"href":"https:\/\/janusai.pro\/hu\/wp-json\/wp\/v2\/users\/1"}],"replies":[{"embeddable":true,"href":"https:\/\/janusai.pro\/hu\/wp-json\/wp\/v2\/comments?post=813"}],"version-history":[{"count":3,"href":"https:\/\/janusai.pro\/hu\/wp-json\/wp\/v2\/pages\/813\/revisions"}],"predecessor-version":[{"id":817,"href":"https:\/\/janusai.pro\/hu\/wp-json\/wp\/v2\/pages\/813\/revisions\/817"}],"wp:attachment":[{"href":"https:\/\/janusai.pro\/hu\/wp-json\/wp\/v2\/media?parent=813"}],"curies":[{"name":"munkaf\u00fczet","href":"https:\/\/api.w.org\/{rel}","templated":true}]}}